{"id":6780,"date":"2025-11-19T14:27:57","date_gmt":"2025-11-19T13:27:57","guid":{"rendered":"https:\/\/bdstim.com\/site\/?post_type=realisation&#038;p=6780"},"modified":"2025-11-19T14:33:05","modified_gmt":"2025-11-19T13:33:05","slug":"evenement-pro-musee-de-la-marine","status":"publish","type":"realisation","link":"https:\/\/bdstim.com\/site\/realisation\/evenement-pro-musee-de-la-marine\/","title":{"rendered":"\u00c9v\u00e8nement Pro Mus\u00e9e de la Marine"},"content":{"rendered":"\n<p class=\"has-medium-font-size\"><strong>Plongez dans un moment o\u00f9 l\u2019inspiration, le patrimoine et l\u2019\u00e9change professionnel se rencontrent dans un lieu aussi majestueux que charg\u00e9 d\u2019histoire.<\/strong>\u00a0<\/p>\n\n\n\n<p style=\"font-size:clamp(14px, 0.875rem + ((1vw - 3.2px) * 0.313), 18px);\">C\u2019est exactement ce qu\u2019ont v\u00e9cu les industriels et distributeurs du Club N\u00e9gotech lors d\u2019un \u00e9v\u00e9nement unique organis\u00e9 au Mus\u00e9e national de la Marine, un \u00e9crin exceptionnel pour conjuguer d\u00e9couverte et r\u00e9flexion.\u00a0La soir\u00e9e s\u2019est ouverte sur une d\u00e9ambulation guid\u00e9e \u00e0 travers les collections du mus\u00e9e, permettant aux participants de plonger dans l\u2019h\u00e9ritage maritime fran\u00e7ais et de s\u2019impr\u00e9gner de l\u2019esprit d\u2019aventure et d\u2019audace qui a fa\u00e7onn\u00e9 notre histoire navale. Un moment privil\u00e9gi\u00e9, propice aux \u00e9changes et \u00e0 la curiosit\u00e9, o\u00f9 culture et networking se sont rencontr\u00e9s naturellement.<\/p>\n\n\n\n<p style=\"font-size:clamp(14px, 0.875rem + ((1vw - 3.2px) * 0.313), 18px);\">Deux temps forts sont venus enrichir cette exp\u00e9rience.<br>Le premier avec\u00a0<strong>Jean Galfione<\/strong>, champion olympique et passionn\u00e9 de voile, qui a partag\u00e9 un t\u00e9moignage vibrant sur la pers\u00e9v\u00e9rance, le d\u00e9passement de soi et la performance : des valeurs universelles, pr\u00e9cieuses autant sur l\u2019eau que dans le monde professionnel.<br>Le second avec\u00a0<strong>Christian Buchet<\/strong>, expert reconnu, qui a offert une immersion captivante dans son univers maritime, d\u00e9voilant une vision profonde et inspirante du rapport entre l\u2019homme, la mer et son m\u00e9tier.<\/p>\n\n\n\n<p style=\"font-size:clamp(14px, 0.875rem + ((1vw - 3.2px) * 0.313), 18px);\">Pour prolonger ces instants forts, la soir\u00e9e s\u2019est poursuivie autour de moments d\u2019\u00e9changes informels, dans une atmosph\u00e8re chaleureuse et stimulante. Entre conversations passionn\u00e9es, rencontres enrichissantes et d\u00e9couvertes, l\u2019\u00e9v\u00e9nement a parfaitement rempli sa mission : cr\u00e9er du lien, inspirer et mettre en lumi\u00e8re les acteurs du secteur dans un cadre prestigieux.<\/p>\n\n\n\n<p style=\"font-size:clamp(14px, 0.875rem + ((1vw - 3.2px) * 0.313), 18px);\">Cet \u00e9v\u00e9nement rappelle une \u00e9vidence : lorsqu\u2019on associe un lieu embl\u00e9matique, des voix inspirantes et une exp\u00e9rience immersive, on cr\u00e9e bien plus qu\u2019une rencontre professionnelle : on forge des souvenirs durables et des connexions authentiques. Une d\u00e9monstration que l\u2019impact na\u00eet autant du contenu que de l\u2019\u00e9motion et du cadre qui l\u2019accompagne.<\/p>\n\n\n\n<p style=\"font-size:clamp(14px, 0.875rem + ((1vw - 3.2px) * 0.313), 18px);\">\u00c7a vous donne envie d&rsquo;organiser votre prochain \u00e9v\u00e9nement avec nous ? Contactez-nous d\u00e8s maintenant !<\/p>\n\n\n\n<p class=\"has-palette-color-1-color has-text-color has-link-color wp-elements-e2d64663311ef15f33ff3fb1f6ea1add\" style=\"font-size:clamp(14px, 0.875rem + ((1vw - 3.2px) * 0.313), 18px);\"><a href=\"https:\/\/bdstim.com\/site\/nous-contacter\/\">Nous contacter<\/a><\/p>\n\n\n\n<p><\/p>\n","protected":false},"featured_media":6785,"template":"","meta":{"_acf_changed":false},"realisation-categorie":[8],"class_list":["post-6780","realisation","type-realisation","status-publish","has-post-thumbnail","hentry","realisation-categorie-federer-votre-reseau"],"blocksy_meta":[],"acf":[],"yoast_head":"<!-- This site is optimized with the Yoast SEO plugin v27.2 - https:\/\/yoast.com\/product\/yoast-seo-wordpress\/ -->\n<title>\u00c9v\u00e8nement Pro Mus\u00e9e de la Marine - Boulevard de la Stim<\/title>\n<meta name=\"description\" content=\"\u00c9v\u00e8nement Pro au Mus\u00e9e de la Marine : d\u00e9couverte du patrimoine maritime, interventions inspirantes de Jean Galfione et Christian Buchet.\" \/>\n<meta name=\"robots\" content=\"index, follow, max-snippet:-1, max-image-preview:large, max-video-preview:-1\" \/>\n<link rel=\"canonical\" href=\"https:\/\/bdstim.com\/site\/realisation\/evenement-pro-musee-de-la-marine\/\" \/>\n<meta property=\"og:locale\" content=\"fr_FR\" \/>\n<meta property=\"og:type\" content=\"article\" \/>\n<meta property=\"og:title\" content=\"\u00c9v\u00e8nement Pro Mus\u00e9e de la Marine - Boulevard de la Stim\" \/>\n<meta property=\"og:description\" content=\"\u00c9v\u00e8nement Pro au Mus\u00e9e de la Marine : d\u00e9couverte du patrimoine maritime, interventions inspirantes de Jean Galfione et Christian Buchet.\" \/>\n<meta property=\"og:url\" content=\"https:\/\/bdstim.com\/site\/realisation\/evenement-pro-musee-de-la-marine\/\" \/>\n<meta property=\"og:site_name\" content=\"Boulevard de la Stim\" \/>\n<meta property=\"article:modified_time\" content=\"2025-11-19T13:33:05+00:00\" \/>\n<meta property=\"og:image\" content=\"https:\/\/bdstim.com\/site\/wp-content\/uploads\/2025\/11\/IMG_9192-scaled.jpeg\" \/>\n\t<meta property=\"og:image:width\" content=\"1920\" \/>\n\t<meta property=\"og:image:height\" content=\"2560\" \/>\n\t<meta property=\"og:image:type\" content=\"image\/jpeg\" \/>\n<meta name=\"twitter:card\" content=\"summary_large_image\" \/>\n<meta name=\"twitter:label1\" content=\"Dur\u00e9e de lecture estim\u00e9e\" \/>\n\t<meta name=\"twitter:data1\" content=\"2 minutes\" \/>\n<script type=\"application\/ld+json\" class=\"yoast-schema-graph\">{\"@context\":\"https:\/\/schema.org\",\"@graph\":[{\"@type\":\"WebPage\",\"@id\":\"https:\/\/bdstim.com\/site\/realisation\/evenement-pro-musee-de-la-marine\/\",\"url\":\"https:\/\/bdstim.com\/site\/realisation\/evenement-pro-musee-de-la-marine\/\",\"name\":\"\u00c9v\u00e8nement Pro Mus\u00e9e de la Marine - Boulevard de la Stim\",\"isPartOf\":{\"@id\":\"https:\/\/bdstim.com\/site\/#website\"},\"primaryImageOfPage\":{\"@id\":\"https:\/\/bdstim.com\/site\/realisation\/evenement-pro-musee-de-la-marine\/#primaryimage\"},\"image\":{\"@id\":\"https:\/\/bdstim.com\/site\/realisation\/evenement-pro-musee-de-la-marine\/#primaryimage\"},\"thumbnailUrl\":\"https:\/\/bdstim.com\/site\/wp-content\/uploads\/2025\/11\/IMG_9192-scaled.jpeg\",\"datePublished\":\"2025-11-19T13:27:57+00:00\",\"dateModified\":\"2025-11-19T13:33:05+00:00\",\"description\":\"\u00c9v\u00e8nement Pro au Mus\u00e9e de la Marine : d\u00e9couverte du patrimoine maritime, interventions inspirantes de Jean Galfione et Christian Buchet.\",\"breadcrumb\":{\"@id\":\"https:\/\/bdstim.com\/site\/realisation\/evenement-pro-musee-de-la-marine\/#breadcrumb\"},\"inLanguage\":\"fr-FR\",\"potentialAction\":[{\"@type\":\"ReadAction\",\"target\":[\"https:\/\/bdstim.com\/site\/realisation\/evenement-pro-musee-de-la-marine\/\"]}]},{\"@type\":\"ImageObject\",\"inLanguage\":\"fr-FR\",\"@id\":\"https:\/\/bdstim.com\/site\/realisation\/evenement-pro-musee-de-la-marine\/#primaryimage\",\"url\":\"https:\/\/bdstim.com\/site\/wp-content\/uploads\/2025\/11\/IMG_9192-scaled.jpeg\",\"contentUrl\":\"https:\/\/bdstim.com\/site\/wp-content\/uploads\/2025\/11\/IMG_9192-scaled.jpeg\",\"width\":1920,\"height\":2560,\"caption\":\"\u00c9v\u00e8nement Pro Mus\u00e9e de la Marine\"},{\"@type\":\"BreadcrumbList\",\"@id\":\"https:\/\/bdstim.com\/site\/realisation\/evenement-pro-musee-de-la-marine\/#breadcrumb\",\"itemListElement\":[{\"@type\":\"ListItem\",\"position\":1,\"name\":\"Accueil\",\"item\":\"https:\/\/bdstim.com\/site\/\"},{\"@type\":\"ListItem\",\"position\":2,\"name\":\"R\u00e9alisations\",\"item\":\"https:\/\/bdstim.com\/site\/R\u00e9alisation\/\"},{\"@type\":\"ListItem\",\"position\":3,\"name\":\"\u00c9v\u00e8nement Pro Mus\u00e9e de la Marine\"}]},{\"@type\":\"WebSite\",\"@id\":\"https:\/\/bdstim.com\/site\/#website\",\"url\":\"https:\/\/bdstim.com\/site\/\",\"name\":\"BDSTIM\",\"description\":\"Agence conseil en communication \u00e9v\u00e9nementielle\",\"publisher\":{\"@id\":\"https:\/\/bdstim.com\/site\/#organization\"},\"potentialAction\":[{\"@type\":\"SearchAction\",\"target\":{\"@type\":\"EntryPoint\",\"urlTemplate\":\"https:\/\/bdstim.com\/site\/?s={search_term_string}\"},\"query-input\":{\"@type\":\"PropertyValueSpecification\",\"valueRequired\":true,\"valueName\":\"search_term_string\"}}],\"inLanguage\":\"fr-FR\"},{\"@type\":\"Organization\",\"@id\":\"https:\/\/bdstim.com\/site\/#organization\",\"name\":\"BDSTIM\",\"url\":\"https:\/\/bdstim.com\/site\/\",\"logo\":{\"@type\":\"ImageObject\",\"inLanguage\":\"fr-FR\",\"@id\":\"https:\/\/bdstim.com\/site\/#\/schema\/logo\/image\/\",\"url\":\"https:\/\/bdstim.com\/site\/wp-content\/uploads\/2024\/11\/Logo-BDS.png\",\"contentUrl\":\"https:\/\/bdstim.com\/site\/wp-content\/uploads\/2024\/11\/Logo-BDS.png\",\"width\":2164,\"height\":760,\"caption\":\"BDSTIM\"},\"image\":{\"@id\":\"https:\/\/bdstim.com\/site\/#\/schema\/logo\/image\/\"},\"sameAs\":[\"https:\/\/www.linkedin.com\/company\/boulevard-de-la-stim\/?originalSubdomain=fr\"]}]}<\/script>\n<!-- \/ Yoast SEO plugin. -->","yoast_head_json":{"title":"\u00c9v\u00e8nement Pro Mus\u00e9e de la Marine - Boulevard de la Stim","description":"\u00c9v\u00e8nement Pro au Mus\u00e9e de la Marine : d\u00e9couverte du patrimoine maritime, interventions inspirantes de Jean Galfione et Christian Buchet.","robots":{"index":"index","follow":"follow","max-snippet":"max-snippet:-1","max-image-preview":"max-image-preview:large","max-video-preview":"max-video-preview:-1"},"canonical":"https:\/\/bdstim.com\/site\/realisation\/evenement-pro-musee-de-la-marine\/","og_locale":"fr_FR","og_type":"article","og_title":"\u00c9v\u00e8nement Pro Mus\u00e9e de la Marine - Boulevard de la Stim","og_description":"\u00c9v\u00e8nement Pro au Mus\u00e9e de la Marine : d\u00e9couverte du patrimoine maritime, interventions inspirantes de Jean Galfione et Christian Buchet.","og_url":"https:\/\/bdstim.com\/site\/realisation\/evenement-pro-musee-de-la-marine\/","og_site_name":"Boulevard de la Stim","article_modified_time":"2025-11-19T13:33:05+00:00","og_image":[{"width":1920,"height":2560,"url":"https:\/\/bdstim.com\/site\/wp-content\/uploads\/2025\/11\/IMG_9192-scaled.jpeg","type":"image\/jpeg"}],"twitter_card":"summary_large_image","twitter_misc":{"Dur\u00e9e de lecture estim\u00e9e":"2 minutes"},"schema":{"@context":"https:\/\/schema.org","@graph":[{"@type":"WebPage","@id":"https:\/\/bdstim.com\/site\/realisation\/evenement-pro-musee-de-la-marine\/","url":"https:\/\/bdstim.com\/site\/realisation\/evenement-pro-musee-de-la-marine\/","name":"\u00c9v\u00e8nement Pro Mus\u00e9e de la Marine - Boulevard de la Stim","isPartOf":{"@id":"https:\/\/bdstim.com\/site\/#website"},"primaryImageOfPage":{"@id":"https:\/\/bdstim.com\/site\/realisation\/evenement-pro-musee-de-la-marine\/#primaryimage"},"image":{"@id":"https:\/\/bdstim.com\/site\/realisation\/evenement-pro-musee-de-la-marine\/#primaryimage"},"thumbnailUrl":"https:\/\/bdstim.com\/site\/wp-content\/uploads\/2025\/11\/IMG_9192-scaled.jpeg","datePublished":"2025-11-19T13:27:57+00:00","dateModified":"2025-11-19T13:33:05+00:00","description":"\u00c9v\u00e8nement Pro au Mus\u00e9e de la Marine : d\u00e9couverte du patrimoine maritime, interventions inspirantes de Jean Galfione et Christian Buchet.","breadcrumb":{"@id":"https:\/\/bdstim.com\/site\/realisation\/evenement-pro-musee-de-la-marine\/#breadcrumb"},"inLanguage":"fr-FR","potentialAction":[{"@type":"ReadAction","target":["https:\/\/bdstim.com\/site\/realisation\/evenement-pro-musee-de-la-marine\/"]}]},{"@type":"ImageObject","inLanguage":"fr-FR","@id":"https:\/\/bdstim.com\/site\/realisation\/evenement-pro-musee-de-la-marine\/#primaryimage","url":"https:\/\/bdstim.com\/site\/wp-content\/uploads\/2025\/11\/IMG_9192-scaled.jpeg","contentUrl":"https:\/\/bdstim.com\/site\/wp-content\/uploads\/2025\/11\/IMG_9192-scaled.jpeg","width":1920,"height":2560,"caption":"\u00c9v\u00e8nement Pro Mus\u00e9e de la Marine"},{"@type":"BreadcrumbList","@id":"https:\/\/bdstim.com\/site\/realisation\/evenement-pro-musee-de-la-marine\/#breadcrumb","itemListElement":[{"@type":"ListItem","position":1,"name":"Accueil","item":"https:\/\/bdstim.com\/site\/"},{"@type":"ListItem","position":2,"name":"R\u00e9alisations","item":"https:\/\/bdstim.com\/site\/R\u00e9alisation\/"},{"@type":"ListItem","position":3,"name":"\u00c9v\u00e8nement Pro Mus\u00e9e de la Marine"}]},{"@type":"WebSite","@id":"https:\/\/bdstim.com\/site\/#website","url":"https:\/\/bdstim.com\/site\/","name":"BDSTIM","description":"Agence conseil en communication \u00e9v\u00e9nementielle","publisher":{"@id":"https:\/\/bdstim.com\/site\/#organization"},"potentialAction":[{"@type":"SearchAction","target":{"@type":"EntryPoint","urlTemplate":"https:\/\/bdstim.com\/site\/?s={search_term_string}"},"query-input":{"@type":"PropertyValueSpecification","valueRequired":true,"valueName":"search_term_string"}}],"inLanguage":"fr-FR"},{"@type":"Organization","@id":"https:\/\/bdstim.com\/site\/#organization","name":"BDSTIM","url":"https:\/\/bdstim.com\/site\/","logo":{"@type":"ImageObject","inLanguage":"fr-FR","@id":"https:\/\/bdstim.com\/site\/#\/schema\/logo\/image\/","url":"https:\/\/bdstim.com\/site\/wp-content\/uploads\/2024\/11\/Logo-BDS.png","contentUrl":"https:\/\/bdstim.com\/site\/wp-content\/uploads\/2024\/11\/Logo-BDS.png","width":2164,"height":760,"caption":"BDSTIM"},"image":{"@id":"https:\/\/bdstim.com\/site\/#\/schema\/logo\/image\/"},"sameAs":["https:\/\/www.linkedin.com\/company\/boulevard-de-la-stim\/?originalSubdomain=fr"]}]}},"_links":{"self":[{"href":"https:\/\/bdstim.com\/site\/wp-json\/wp\/v2\/realisation\/6780","targetHints":{"allow":["GET"]}}],"collection":[{"href":"https:\/\/bdstim.com\/site\/wp-json\/wp\/v2\/realisation"}],"about":[{"href":"https:\/\/bdstim.com\/site\/wp-json\/wp\/v2\/types\/realisation"}],"version-history":[{"count":3,"href":"https:\/\/bdstim.com\/site\/wp-json\/wp\/v2\/realisation\/6780\/revisions"}],"predecessor-version":[{"id":6791,"href":"https:\/\/bdstim.com\/site\/wp-json\/wp\/v2\/realisation\/6780\/revisions\/6791"}],"wp:featuredmedia":[{"embeddable":true,"href":"https:\/\/bdstim.com\/site\/wp-json\/wp\/v2\/media\/6785"}],"wp:attachment":[{"href":"https:\/\/bdstim.com\/site\/wp-json\/wp\/v2\/media?parent=6780"}],"wp:term":[{"taxonomy":"realisation-categorie","embeddable":true,"href":"https:\/\/bdstim.com\/site\/wp-json\/wp\/v2\/realisation-categorie?post=6780"}],"curies":[{"name":"wp","href":"https:\/\/api.w.org\/{rel}","templated":true}]}}